{"id":419,"date":"2019-05-12T06:27:39","date_gmt":"2019-05-12T05:27:39","guid":{"rendered":"https:\/\/gresvaillant.fr\/?page_id=419"},"modified":"2020-06-04T05:35:31","modified_gmt":"2020-06-04T04:35:31","slug":"rose","status":"publish","type":"page","link":"https:\/\/gresvaillant.fr\/en\/les-vins\/rose\/","title":{"rendered":"Ros\u00e9"},"content":{"rendered":"\n<h1 class=\"has-text-align-center wp-block-heading\">La Petite Cabane &#8211; 2019<\/h1>\n\n\n\n<div class=\"wp-block-image\"><figure class=\"aligncenter size-large is-resized\"><img data-recalc-dims=\"1\" loading=\"lazy\" decoding=\"async\" data-attachment-id=\"1472\" data-permalink=\"https:\/\/gresvaillant.fr\/en\/les-vins\/rose\/capture-decran-2020-06-03-a-21-04-54\/\" data-orig-file=\"https:\/\/i0.wp.com\/gresvaillant.fr\/wp-content\/uploads\/2020\/06\/Capture-d%E2%80%99e%CC%81cran-2020-06-03-a%CC%80-21.04.54.png?fit=400%2C265&amp;ssl=1\" data-orig-size=\"400,265\" data-comments-opened=\"1\" data-image-meta=\"{&quot;aperture&quot;:&quot;0&quot;,&quot;credit&quot;:&quot;&quot;,&quot;camera&quot;:&quot;&quot;,&quot;caption&quot;:&quot;&quot;,&quot;created_timestamp&quot;:&quot;0&quot;,&quot;copyright&quot;:&quot;&quot;,&quot;focal_length&quot;:&quot;0&quot;,&quot;iso&quot;:&quot;0&quot;,&quot;shutter_speed&quot;:&quot;0&quot;,&quot;title&quot;:&quot;&quot;,&quot;orientation&quot;:&quot;0&quot;}\" data-image-title=\"Capture-d\u2019e\u0301cran-2020-06-03-a\u0300-21.04.54\" data-image-description=\"\" data-image-caption=\"\" data-large-file=\"https:\/\/i0.wp.com\/gresvaillant.fr\/wp-content\/uploads\/2020\/06\/Capture-d%E2%80%99e%CC%81cran-2020-06-03-a%CC%80-21.04.54.png?fit=400%2C265&amp;ssl=1\" src=\"https:\/\/i0.wp.com\/gresvaillant.fr\/wp-content\/uploads\/2020\/06\/Capture-d%E2%80%99e%CC%81cran-2020-06-03-a%CC%80-21.04.54.png?resize=505%2C335&#038;ssl=1\" alt=\"\" class=\"wp-image-1472\" width=\"505\" height=\"335\" srcset=\"https:\/\/i0.wp.com\/gresvaillant.fr\/wp-content\/uploads\/2020\/06\/Capture-d%E2%80%99e%CC%81cran-2020-06-03-a%CC%80-21.04.54.png?w=400&amp;ssl=1 400w, https:\/\/i0.wp.com\/gresvaillant.fr\/wp-content\/uploads\/2020\/06\/Capture-d%E2%80%99e%CC%81cran-2020-06-03-a%CC%80-21.04.54.png?resize=300%2C199&amp;ssl=1 300w\" sizes=\"auto, (max-width: 505px) 100vw, 505px\" \/><\/figure><\/div>\n\n\n\n<div class=\"wp-block-media-text alignwide\" style=\"grid-template-columns:12% auto\"><figure class=\"wp-block-media-text__media\"><img data-recalc-dims=\"1\" loading=\"lazy\" decoding=\"async\" width=\"84\" height=\"67\" data-attachment-id=\"421\" data-permalink=\"https:\/\/gresvaillant.fr\/en\/les-vins\/rose\/capture-decran-2019-04-25-a-21-01-06\/\" data-orig-file=\"https:\/\/i0.wp.com\/gresvaillant.fr\/wp-content\/uploads\/2019\/04\/Capture-d%E2%80%99e%CC%81cran-2019-04-25-a%CC%80-21.01.06.png?fit=84%2C67&amp;ssl=1\" data-orig-size=\"84,67\" data-comments-opened=\"1\" data-image-meta=\"{&quot;aperture&quot;:&quot;0&quot;,&quot;credit&quot;:&quot;&quot;,&quot;camera&quot;:&quot;&quot;,&quot;caption&quot;:&quot;&quot;,&quot;created_timestamp&quot;:&quot;0&quot;,&quot;copyright&quot;:&quot;&quot;,&quot;focal_length&quot;:&quot;0&quot;,&quot;iso&quot;:&quot;0&quot;,&quot;shutter_speed&quot;:&quot;0&quot;,&quot;title&quot;:&quot;&quot;,&quot;orientation&quot;:&quot;0&quot;}\" data-image-title=\"Capture d\u2019e\u0301cran 2019-04-25 a\u0300 21.01.06\" data-image-description=\"\" data-image-caption=\"\" data-large-file=\"https:\/\/i0.wp.com\/gresvaillant.fr\/wp-content\/uploads\/2019\/04\/Capture-d%E2%80%99e%CC%81cran-2019-04-25-a%CC%80-21.01.06.png?fit=84%2C67&amp;ssl=1\" src=\"https:\/\/i0.wp.com\/gresvaillant.fr\/wp-content\/uploads\/2019\/04\/Capture-d%E2%80%99e%CC%81cran-2019-04-25-a%CC%80-21.01.06.png?resize=84%2C67&#038;ssl=1\" alt=\"\" class=\"wp-image-421\"\/><\/figure><div class=\"wp-block-media-text__content\">\n<ul class=\"wp-block-list\"><li><strong>Terroir frais d&#8217;altitude<\/strong> sur roche m\u00e8re de gr\u00e8s, la parcelle est bord\u00e9e par une<strong> ancienne cabane vigneronne<\/strong> \u00e0 l&#8217;ombre des arbres.  <\/li><li>Assemblage <strong>Cabernet-Sauvignon<\/strong> (60%) et <strong>Merlot<\/strong> (40%)<\/li><li>Vignes plant\u00e9es en 2008 pour le Cabernet-Sauvignon et 2003 pour le Merlot<\/li><li>Densit\u00e9 pied\/ha : 4500 <\/li><\/ul>\n<\/div><\/div>\n\n\n\n<div class=\"wp-block-media-text alignwide\" style=\"grid-template-columns:10% auto\"><figure class=\"wp-block-media-text__media\"><img data-recalc-dims=\"1\" loading=\"lazy\" decoding=\"async\" width=\"63\" height=\"66\" data-attachment-id=\"423\" data-permalink=\"https:\/\/gresvaillant.fr\/en\/les-vins\/rose\/capture-decran-2019-04-25-a-21-04-35\/\" data-orig-file=\"https:\/\/i0.wp.com\/gresvaillant.fr\/wp-content\/uploads\/2019\/04\/Capture-d%E2%80%99e%CC%81cran-2019-04-25-a%CC%80-21.04.35.png?fit=63%2C66&amp;ssl=1\" data-orig-size=\"63,66\" data-comments-opened=\"1\" data-image-meta=\"{&quot;aperture&quot;:&quot;0&quot;,&quot;credit&quot;:&quot;&quot;,&quot;camera&quot;:&quot;&quot;,&quot;caption&quot;:&quot;&quot;,&quot;created_timestamp&quot;:&quot;0&quot;,&quot;copyright&quot;:&quot;&quot;,&quot;focal_length&quot;:&quot;0&quot;,&quot;iso&quot;:&quot;0&quot;,&quot;shutter_speed&quot;:&quot;0&quot;,&quot;title&quot;:&quot;&quot;,&quot;orientation&quot;:&quot;0&quot;}\" data-image-title=\"Capture d\u2019e\u0301cran 2019-04-25 a\u0300 21.04.35\" data-image-description=\"\" data-image-caption=\"\" data-large-file=\"https:\/\/i0.wp.com\/gresvaillant.fr\/wp-content\/uploads\/2019\/04\/Capture-d%E2%80%99e%CC%81cran-2019-04-25-a%CC%80-21.04.35.png?fit=63%2C66&amp;ssl=1\" src=\"https:\/\/i0.wp.com\/gresvaillant.fr\/wp-content\/uploads\/2019\/04\/Capture-d%E2%80%99e%CC%81cran-2019-04-25-a%CC%80-21.04.35.png?resize=63%2C66&#038;ssl=1\" alt=\"\" class=\"wp-image-423\"\/><\/figure><div class=\"wp-block-media-text__content\">\n<ul class=\"wp-block-list\"><li>Vignes <strong>travaill\u00e9es avec nos trois chevaux de traits<\/strong>&nbsp;: Rustica, Colette et Carolus <\/li><li><strong>Vendanges \u00e0 la main<\/strong> en petites caisses ajour\u00e9es de 34l et refroidissement de la vendange par carboglace<\/li><\/ul>\n<\/div><\/div>\n\n\n\n<div class=\"wp-block-media-text alignwide\" style=\"grid-template-columns:11% auto\"><figure class=\"wp-block-media-text__media\"><img data-recalc-dims=\"1\" loading=\"lazy\" decoding=\"async\" width=\"76\" height=\"80\" data-attachment-id=\"425\" data-permalink=\"https:\/\/gresvaillant.fr\/en\/les-vins\/rose\/capture-decran-2019-04-25-a-21-10-02\/\" data-orig-file=\"https:\/\/i0.wp.com\/gresvaillant.fr\/wp-content\/uploads\/2019\/04\/Capture-d%E2%80%99e%CC%81cran-2019-04-25-a%CC%80-21.10.02.png?fit=76%2C80&amp;ssl=1\" data-orig-size=\"76,80\" data-comments-opened=\"1\" data-image-meta=\"{&quot;aperture&quot;:&quot;0&quot;,&quot;credit&quot;:&quot;&quot;,&quot;camera&quot;:&quot;&quot;,&quot;caption&quot;:&quot;&quot;,&quot;created_timestamp&quot;:&quot;0&quot;,&quot;copyright&quot;:&quot;&quot;,&quot;focal_length&quot;:&quot;0&quot;,&quot;iso&quot;:&quot;0&quot;,&quot;shutter_speed&quot;:&quot;0&quot;,&quot;title&quot;:&quot;&quot;,&quot;orientation&quot;:&quot;0&quot;}\" data-image-title=\"Capture d\u2019e\u0301cran 2019-04-25 a\u0300 21.10.02\" data-image-description=\"\" data-image-caption=\"\" data-large-file=\"https:\/\/i0.wp.com\/gresvaillant.fr\/wp-content\/uploads\/2019\/04\/Capture-d%E2%80%99e%CC%81cran-2019-04-25-a%CC%80-21.10.02.png?fit=76%2C80&amp;ssl=1\" src=\"https:\/\/i0.wp.com\/gresvaillant.fr\/wp-content\/uploads\/2019\/04\/Capture-d%E2%80%99e%CC%81cran-2019-04-25-a%CC%80-21.10.02.png?resize=76%2C80&#038;ssl=1\" alt=\"\" class=\"wp-image-425\"\/><\/figure><div class=\"wp-block-media-text__content\">\n<ul class=\"wp-block-list\"><li><strong>Pressurage direct<\/strong><\/li><li>Fermentation naturelle en <strong>levures indig\u00e8nes<\/strong>  avec r\u00e9alisation d&#8217;un pied de cuve pour chaque parcelle<\/li><li><strong>Vinificatio<\/strong>n <strong>commune<\/strong> du Merlot et du Cabernet-Sauvignon (3 semaines)<\/li><li>\u00c9levage de 6 mois en cuve inox. <\/li><\/ul>\n<\/div><\/div>\n\n\n\n<div class=\"wp-block-media-text alignwide\" style=\"grid-template-columns:12% auto\"><figure class=\"wp-block-media-text__media\"><img data-recalc-dims=\"1\" loading=\"lazy\" decoding=\"async\" width=\"55\" height=\"59\" data-attachment-id=\"426\" data-permalink=\"https:\/\/gresvaillant.fr\/en\/les-vins\/rose\/capture-decran-2019-04-25-a-21-12-46\/\" data-orig-file=\"https:\/\/i0.wp.com\/gresvaillant.fr\/wp-content\/uploads\/2019\/04\/Capture-d%E2%80%99e%CC%81cran-2019-04-25-a%CC%80-21.12.46.png?fit=55%2C59&amp;ssl=1\" data-orig-size=\"55,59\" data-comments-opened=\"1\" data-image-meta=\"{&quot;aperture&quot;:&quot;0&quot;,&quot;credit&quot;:&quot;&quot;,&quot;camera&quot;:&quot;&quot;,&quot;caption&quot;:&quot;&quot;,&quot;created_timestamp&quot;:&quot;0&quot;,&quot;copyright&quot;:&quot;&quot;,&quot;focal_length&quot;:&quot;0&quot;,&quot;iso&quot;:&quot;0&quot;,&quot;shutter_speed&quot;:&quot;0&quot;,&quot;title&quot;:&quot;&quot;,&quot;orientation&quot;:&quot;0&quot;}\" data-image-title=\"Capture d\u2019e\u0301cran 2019-04-25 a\u0300 21.12.46\" data-image-description=\"\" data-image-caption=\"\" data-large-file=\"https:\/\/i0.wp.com\/gresvaillant.fr\/wp-content\/uploads\/2019\/04\/Capture-d%E2%80%99e%CC%81cran-2019-04-25-a%CC%80-21.12.46.png?fit=55%2C59&amp;ssl=1\" src=\"https:\/\/i0.wp.com\/gresvaillant.fr\/wp-content\/uploads\/2019\/04\/Capture-d%E2%80%99e%CC%81cran-2019-04-25-a%CC%80-21.12.46.png?resize=55%2C59&#038;ssl=1\" alt=\"\" class=\"wp-image-426\"\/><\/figure><div class=\"wp-block-media-text__content\">\n<ul class=\"wp-block-list\"><li>Teneur en sulfites\u00a0: <strong>100mg\/l<\/strong> (norme maximum en agriculture biologique 150mg\/l, 200mg\/l en conventionnel) <\/li><li><strong>13%<\/strong> d&#8217;alcool <\/li><\/ul>\n<\/div><\/div>\n\n\n\n<div class=\"wp-block-media-text alignwide\" style=\"grid-template-columns:11% auto\"><figure class=\"wp-block-media-text__media\"><img data-recalc-dims=\"1\" loading=\"lazy\" decoding=\"async\" width=\"65\" height=\"71\" data-attachment-id=\"428\" data-permalink=\"https:\/\/gresvaillant.fr\/en\/les-vins\/rose\/capture-decran-2019-04-25-a-21-14-51\/\" data-orig-file=\"https:\/\/i0.wp.com\/gresvaillant.fr\/wp-content\/uploads\/2019\/04\/Capture-d%E2%80%99e%CC%81cran-2019-04-25-a%CC%80-21.14.51.png?fit=65%2C71&amp;ssl=1\" data-orig-size=\"65,71\" data-comments-opened=\"1\" data-image-meta=\"{&quot;aperture&quot;:&quot;0&quot;,&quot;credit&quot;:&quot;&quot;,&quot;camera&quot;:&quot;&quot;,&quot;caption&quot;:&quot;&quot;,&quot;created_timestamp&quot;:&quot;0&quot;,&quot;copyright&quot;:&quot;&quot;,&quot;focal_length&quot;:&quot;0&quot;,&quot;iso&quot;:&quot;0&quot;,&quot;shutter_speed&quot;:&quot;0&quot;,&quot;title&quot;:&quot;&quot;,&quot;orientation&quot;:&quot;0&quot;}\" data-image-title=\"Capture d\u2019e\u0301cran 2019-04-25 a\u0300 21.14.51\" data-image-description=\"\" data-image-caption=\"\" data-large-file=\"https:\/\/i0.wp.com\/gresvaillant.fr\/wp-content\/uploads\/2019\/04\/Capture-d%E2%80%99e%CC%81cran-2019-04-25-a%CC%80-21.14.51.png?fit=65%2C71&amp;ssl=1\" src=\"https:\/\/i0.wp.com\/gresvaillant.fr\/wp-content\/uploads\/2019\/04\/Capture-d%E2%80%99e%CC%81cran-2019-04-25-a%CC%80-21.14.51.png?resize=65%2C71&#038;ssl=1\" alt=\"\" class=\"wp-image-428\"\/><\/figure><div class=\"wp-block-media-text__content\">\n<ul class=\"wp-block-list\"><li>Vin au nez de<strong> fraises des bois<\/strong> avec une bouche <strong>vive et fruit\u00e9e<\/strong><\/li><li>A d\u00e9guster frais \u00e0 l&#8217;ap\u00e9ritif ou avec des tomates mozzarrella, ou des desserts glac\u00e9s<\/li><\/ul>\n<\/div><\/div>\n\n\n","protected":false},"excerpt":{"rendered":"<p>La Petite Cabane &#8211; 2019 Terroir frais d&#8217;altitude sur roche m\u00e8re de gr\u00e8s, la parcelle est bord\u00e9e par une ancienne cabane vigneronne \u00e0 l&#8217;ombre des arbres. Assemblage Cabernet-Sauvignon (60%) et Merlot (40%) Vignes plant\u00e9es en 2008 pour le Cabernet-Sauvignon et 2003 pour le Merlot Densit\u00e9 pied\/ha : 4500 Vignes travaill\u00e9es avec nos trois chevaux de&hellip; <a href=\"https:\/\/gresvaillant.fr\/en\/les-vins\/rose\/\" class=\"more-link\">Continue reading <span class=\"screen-reader-text\">Ros\u00e9<\/span><\/a><\/p>\n","protected":false},"author":1,"featured_media":0,"parent":407,"menu_order":2,"comment_status":"closed","ping_status":"closed","template":"","meta":{"_coblocks_attr":"","_coblocks_dimensions":"","_coblocks_responsive_height":"","_coblocks_accordion_ie_support":"","_crdt_document":"","advanced_seo_description":"","jetpack_seo_html_title":"","jetpack_seo_noindex":false,"footnotes":""},"tags":[],"class_list":["post-419","page","type-page","status-publish","hentry","without-featured-image"],"translation":{"provider":"WPGlobus","version":"2.12.2","language":"en","enabled_languages":["fr","en"],"languages":{"fr":{"title":true,"content":true,"excerpt":false},"en":{"title":false,"content":false,"excerpt":false}}},"jetpack_sharing_enabled":true,"jetpack_shortlink":"https:\/\/wp.me\/P9vC0e-6L","jetpack_likes_enabled":true,"_links":{"self":[{"href":"https:\/\/gresvaillant.fr\/en\/wp-json\/wp\/v2\/pages\/419","targetHints":{"allow":["GET"]}}],"collection":[{"href":"https:\/\/gresvaillant.fr\/en\/wp-json\/wp\/v2\/pages"}],"about":[{"href":"https:\/\/gresvaillant.fr\/en\/wp-json\/wp\/v2\/types\/page"}],"author":[{"embeddable":true,"href":"https:\/\/gresvaillant.fr\/en\/wp-json\/wp\/v2\/users\/1"}],"replies":[{"embeddable":true,"href":"https:\/\/gresvaillant.fr\/en\/wp-json\/wp\/v2\/comments?post=419"}],"version-history":[{"count":12,"href":"https:\/\/gresvaillant.fr\/en\/wp-json\/wp\/v2\/pages\/419\/revisions"}],"predecessor-version":[{"id":1473,"href":"https:\/\/gresvaillant.fr\/en\/wp-json\/wp\/v2\/pages\/419\/revisions\/1473"}],"up":[{"embeddable":true,"href":"https:\/\/gresvaillant.fr\/en\/wp-json\/wp\/v2\/pages\/407"}],"wp:attachment":[{"href":"https:\/\/gresvaillant.fr\/en\/wp-json\/wp\/v2\/media?parent=419"}],"wp:term":[{"taxonomy":"post_tag","embeddable":true,"href":"https:\/\/gresvaillant.fr\/en\/wp-json\/wp\/v2\/tags?post=419"}],"curies":[{"name":"wp","href":"https:\/\/api.w.org\/{rel}","templated":true}]}}